{"id":2626,"date":"2013-06-13T13:02:54","date_gmt":"2013-06-13T11:02:54","guid":{"rendered":"http:\/\/observatorio.umh.es\/?page_id=2626"},"modified":"2024-11-08T09:17:30","modified_gmt":"2024-11-08T08:17:30","slug":"informacion-para-tutores-academicos","status":"publish","type":"page","link":"https:\/\/observatorio.umh.es\/ca\/personal-umh-paspdi\/informacion-para-tutores-academicos\/","title":{"rendered":"Informaci\u00f3 per a tutors acad\u00e8mics"},"content":{"rendered":"<p>A continuaci\u00f3 es detalla informaci\u00f3 d&#8217;inter\u00e8s per als tutors acad\u00e8mics:<\/p>\n<p>Requisits i funcions del tutor<br \/>\nDrets i deures del tutor acad\u00e8mic<br \/>\nDrets i deures de l&#8217;estudiant<br \/>\nL&#8217;avaluaci\u00f3 de pr\u00e0ctiques<br \/>\nSol\u00b7licitud de reconeixement de pr\u00e0ctiques tutelades<br \/>\nGuia per a la generaci\u00f3 de certificats per a tutors acad\u00e8mics<br \/>\nAvaluaci\u00f3 i certificaci\u00f3 de pr\u00e0ctiques en abs\u00e8ncia del tutora acad\u00e8mic<br \/>\nInformaci\u00f3 d&#8217;inter\u00e8s per a responsables d&#8217;Unitats Organitzatives (directors de departament, degans, directors d&#8217;escola &#8230;)<\/p>\n<h2>1. Requisits i funcions dels tutors<\/h2>\n<p>Per a les pr\u00e0ctiques curriculars el tutor haur\u00e0 de ser professor de la UMH, amb prefer\u00e8ncia de la pr\u00f2pia facultat, escola o centre universitari en el qual es trobe matriculat l&#8217;estudiant i, en tot cas, af\u00ed a l&#8217;ensenyament a la qual es vincula la pr\u00e0ctica. En el cas de les pr\u00e0ctiques extracurriculars, el tutor acad\u00e8mic ser\u00e0 preferentment un professor de la universitat que imparteix doc\u00e8ncia en la mateixa branca de coneixement de l&#8217;ensenyament cursada.<\/p>\n<p>La figura del tutor acad\u00e8mic \u00e9s de gran import\u00e0ncia, en ser la persona que avalua l&#8217;aprofitament acad\u00e8mic de la pr\u00e0ctica proposada. Les instruccions que se&#8217;ls d\u00f3na als estudiants \u00e9s que contacten amb ells abans de generar la documentaci\u00f3 i aix\u00ed consensuar el programa formatiu a desenvolupar en la pr\u00e0ctica.<\/p>\n<p>Durant la realitzaci\u00f3 de les pr\u00e0ctiques el tutor vetllar\u00e0 pel normal desenvolupament del projecte formatiu, garantint la compatibilitat de realitzaci\u00f3 de les pr\u00e0ctiques amb les obligacions acad\u00e8miques, formatives i de representaci\u00f3 i participaci\u00f3 dels estudiants.<\/p>\n<p>A la finalitzaci\u00f3 de la pr\u00e0ctica, si el tutor considera que s&#8217;han assolit els objectius formatius, emetr\u00e0 un certificat a l&#8217;alumne. Aquest certificat es pot emetre despr\u00e9s de la finalitzaci\u00f3 de la pr\u00e0ctica, a trav\u00e9s del seu acc\u00e9s personalitzat del web de la UMH, en l&#8217;apartat &#8220;Pr\u00e0ctiques i ocupaci\u00f3&#8221;, opci\u00f3 &#8220;Pr\u00e0ctiques tutelades&#8221;.<\/p>\n<h2>2. Drets i deures del tutor acad\u00e8mic<\/h2>\n<p>El tutor acad\u00e8mic tindr\u00e0 els seg\u00fcents drets:<\/p>\n<ul>\n<li>Al reconeixement efectiu de la seva activitat acad\u00e8mica en els termes que estableixi la universitat, d&#8217;acord amb la seva normativa interna.<\/li>\n<li>A ser informat sobre la normativa que regula les pr\u00e0ctiques externes aix\u00ed com del Projecte Formatiu i de les condicions sota les que es desenvolupar\u00e0 l&#8217;estada de l&#8217;estudiant a tutelar.<\/li>\n<li>Tenir acc\u00e9s a l&#8217;entitat per al compliment dels fins propis de la seva funci\u00f3.<\/li>\n<li>Aix\u00ed mateix, tindr\u00e0 els seg\u00fcents deures:<\/li>\n<li>Vetllar pel normal desenvolupament del Projecte Formatiu, garantint la compatibilitat de l&#8217;horari de realitzaci\u00f3 de les pr\u00e0ctiques amb les obligacions acad\u00e8miques, formatives i de representaci\u00f3 i participaci\u00f3 de l&#8217;estudiant.<\/li>\n<li>Fer un seguiment efectiu de les pr\u00e0ctiques, coordinant-se per a aix\u00f2 amb el tutor de l&#8217;entitat col\u00b7laboradora i vistos, si escau, els informes de seguiment.<\/li>\n<li>Autoritzar les modificacions que es produeixin en el Projecte Formatiu.<\/li>\n<li>Dur a terme el proc\u00e9s avaluador de les pr\u00e0ctiques de l&#8217;estudiant tutelat.<\/li>\n<li>Guardar confidencialitat en relaci\u00f3 amb qualsevol informaci\u00f3 que conegui com a conseq\u00fc\u00e8ncia de la seva activitat com a tutor.<\/li>\n<li>Informar a l&#8217;Observatori Ocupacional de les possibles incid\u00e8ncies sorgides.<\/li>\n<li>Supervisar, i si s&#8217;escau sol\u00b7licitar, l&#8217;adequada disposici\u00f3 dels recursos de suport necessaris per assegurar que els estudiants amb discapacitat realitzin les seves pr\u00e0ctiques en condicions d&#8217;igualtat d&#8217;oportunitats, no discriminaci\u00f3 i accessibilitat universal.<\/li>\n<\/ul>\n<h2>3. Drets i deures dels estudiants<\/h2>\n<p>urant la realitzaci\u00f3 de les pr\u00e0ctiques acad\u00e8miques externes, els estudiants tindran els seg\u00fcents drets:<\/p>\n<ul>\n<li>A la tutela, durant el per\u00edode de durada de la corresponent pr\u00e0ctica, per un professor de la universitat i per un professional que presti serveis a l&#8217;empresa, instituci\u00f3 o entitat on es realitzi la mateixa.<\/li>\n<li>A l&#8217;avaluaci\u00f3 d&#8217;acord amb els criteris establerts per la Universitat.<\/li>\n<li>A l&#8217;obtenci\u00f3 d&#8217;un informe per part de l&#8217;entitat col\u00b7laboradora on ha realitzat les pr\u00e0ctiques, amb menci\u00f3 expressa de l&#8217;activitat desenvolupada, la durada i, si escau, el seu rendiment.<\/li>\n<li>A percebre, en els casos en qu\u00e8 aix\u00ed s&#8217;estipule, l&#8217;aportaci\u00f3 econ\u00f2mica de l&#8217;entitat col\u00b7laboradora, en concepte de borsa o ajuda a l&#8217;estudi.<\/li>\n<li>A la propietat intel\u00b7lectual i industrial en els termes que estableix la legislaci\u00f3 reguladora de la mat\u00e8ria.<\/li>\n<li>A rebre, per part de l&#8217;entitat col\u00b7laboradora, informaci\u00f3 de la normativa de seguretat i prevenci\u00f3 de riscos laborals.<\/li>\n<li>A complir amb la seva activitat acad\u00e8mica, formativa i de representaci\u00f3 i participaci\u00f3, pr\u00e8via comunicaci\u00f3 amb antelaci\u00f3 suficient a l&#8217;entitat col\u00b7laboradora.<\/li>\n<li>A disposar dels recursos necessaris per a l&#8217;acc\u00e9s dels estudiants amb discapacitat a la tutela, a la informaci\u00f3, a l&#8217;avaluaci\u00f3 i al propi acompliment de les pr\u00e0ctiques en igualtat de condicions.<\/li>\n<li>A conciliar, en el cas dels estudiants amb discapacitat, la realitzaci\u00f3 de les pr\u00e0ctiques amb aquelles activitats i situacions personals derivades o connectades amb la situaci\u00f3 de discapacitat.<\/li>\n<li>Aquells altres drets que preveu la normativa vigent i \/ o en els corresponents convenis de cooperaci\u00f3 educativa subscrits per la Universitat i, si escau, l&#8217;entitat gestora de pr\u00e0ctiques vinculada a l&#8217;acarona, amb l&#8217;entitat col\u00b7laboradora.<\/li>\n<\/ul>\n<h3>4. Aix\u00ed mateix, durant la realitzaci\u00f3 de les pr\u00e0ctiques acad\u00e8miques externes, els estudiants han d&#8217;atendre el compliment dels seg\u00fcents deures<\/h3>\n<ul>\n<li>Complir la normativa vigent relativa a pr\u00e0ctiques externes establerta per la universitat.<\/li>\n<li>Con\u00e8ixer i complir el Projecte Formatiu de les pr\u00e0ctiques seguint les indicacions del tutor assignat per l&#8217;entitat col\u00b7laboradora sota la supervisi\u00f3 del tutor acad\u00e8mic de la universitat.<\/li>\n<li>Mantenir contacte amb el tutor acad\u00e8mic de la universitat durant el desenvolupament de la pr\u00e0ctica i comunicar-li qualsevol incid\u00e8ncia que pugui sorgir en el mateix, aix\u00ed com fer entrega dels documents i informes de seguiment intermedi i la mem\u00f2ria final que li siguin requerits.<\/li>\n<li>Se a l&#8217;entitat col\u00b7laboradora que es tracti en la data acordada, complir l&#8217;horari previst en el projecte educatiu i respectar les normes de funcionament, seguretat i prevenci\u00f3 de riscos laborals de la mateixa.<\/li>\n<li>Desenvolupar el Projecte Formatiu i complir amb dilig\u00e8ncia les activitats acordades amb l&#8217;entitat col\u00b7laboradora d&#8217;acord amb les l\u00ednies establertes en el mateix.<\/li>\n<li>Elaborar la mem\u00f2ria final de les pr\u00e0ctiques i, si escau, l&#8217;informe intermedi.<\/li>\n<li>Guardar confidencialitat en relaci\u00f3 amb la informaci\u00f3 interna de l&#8217;entitat col\u00b7laboradora i guardar secret professional sobre les seves activitats, durant la seva estada i finalitzada aquesta.<\/li>\n<li>Mostrar, en tot moment, una actitud respectuosa cap a la pol\u00edtica de l&#8217;entitat col\u00b7laboradora, salvaguardant el bon nom de la universitat a la qual pertany.<\/li>\n<li>Qualsevol altre deure que preveu la normativa vigent i \/ o en els corresponents convenis de cooperaci\u00f3 educativa subscrits per la Universitat i, si escau, l&#8217;entitat gestora de pr\u00e0ctiques vinculada a la mateixa, amb l&#8217;entitat col\u00b7laboradora.<\/li>\n<\/ul>\n<h2>5.\u00a0L&#8217;avaluaci\u00f3 de pr\u00e0ctiques<\/h2>\n<p>El tutor acad\u00e8mic avaluar\u00e0 les pr\u00e0ctiques desenvolupades de conformitat amb els procediments que estableixi la universitat, emplenant el corresponent informe de valoraci\u00f3. A la finalitzaci\u00f3 de la pr\u00e0ctica, si considera que s&#8217;han assolit els objectius formatius, emetr\u00e0 un certificat a l&#8217;alumne. Aquest certificat es pot emetre despr\u00e9s de la finalitzaci\u00f3 de la pr\u00e0ctica, a trav\u00e9s del seu acc\u00e9s personalitzat del web de la UMH, en l&#8217;apartat &#8220;Pr\u00e0ctiques i ocupaci\u00f3&#8221;, opci\u00f3 &#8220;Pr\u00e0ctiques tutelades&#8221;.<\/p>\n<h2>6. Sol\u00b7licitud de reconeixement de pr\u00e0ctiques tutelades<\/h2>\n<p>El tutor acad\u00e8mic pot sol\u00b7licitar certificaci\u00f3 de les pr\u00e0ctiques tutelades amb anterioritat a la p\u00e0gina web: https:\/\/observatorio.umh.es\/solicitud-certificado-de-tutor\/<\/p>\n<div class='bookmarkify'><a name='bookmarkify'><\/a><div class='linkbuttons'><a href='http:\/\/www.facebook.com\/share.php?u=https:\/\/observatorio.umh.es\/ca\/personal-umh-paspdi\/informacion-para-tutores-academicos\/' title='Save to Facebook' onclick='target=\"_blank\";' rel='nofollow'><img src='https:\/\/observatorio.umh.es\/wp-content\/plugins\/bookmarkify\/facebook.png' style='width:16px; height:16px;' alt='[Facebook] ' \/><\/a> <a href='http:\/\/www.google.com\/bookmarks\/mark?op=edit&amp;output=popup&amp;bkmk=https:\/\/observatorio.umh.es\/ca\/personal-umh-paspdi\/informacion-para-tutores-academicos\/&amp;title=Informaci\u00f3 per a tutors acad\u00e8mics' title='Save to Google Bookmarks' onclick='target=\"_blank\";' rel='nofollow'><img src='https:\/\/observatorio.umh.es\/wp-content\/plugins\/bookmarkify\/google.png' style='width:16px; height:16px;' alt='[Google] ' \/><\/a> <a href='http:\/\/twitter.com\/home\/?status=Informaci\u00f3 per a tutors acad\u00e8mics+https:\/\/observatorio.umh.es\/ca\/personal-umh-paspdi\/informacion-para-tutores-academicos\/' title='Save to Twitter' onclick='target=\"_blank\";' rel='nofollow'><img src='https:\/\/observatorio.umh.es\/wp-content\/plugins\/bookmarkify\/twitter.png' style='width:16px; height:16px;' alt='[Twitter] ' \/><\/a> <\/div><\/div>","protected":false},"excerpt":{"rendered":"<p>A continuaci\u00f3 es detalla informaci\u00f3 d&#8217;inter\u00e8s per als tutors acad\u00e8mics:<br \/>\nRequisits i funcions del tutor<br \/>\nDrets i deures del tutor acad\u00e8mic<br \/>\nDrets i deures de l&#8217;estudiant<br \/>\nL&#8217;avaluaci\u00f3 de pr\u00e0ctiques<br \/>\nSol\u00b7licitud de reconeixement de pr\u00e0ctiques tutelades<br \/>\nGuia per a la generaci\u00f3 de certificats per a tutors acad\u00e8mics<br \/>\nAvaluaci\u00f3 i certificaci\u00f3 de pr\u00e0ctiques en abs\u00e8ncia del tutora acad\u00e8mic<br \/>\nInformaci\u00f3 d&#8217;inter\u00e8s per a responsables d&#8217;Unitats Organitzatives [&#8230;]<\/p>\n","protected":false},"author":357,"featured_media":0,"parent":5455,"menu_order":3,"comment_status":"closed","ping_status":"open","template":"","meta":{"_links_to":"","_links_to_target":""},"_links":{"self":[{"href":"https:\/\/observatorio.umh.es\/ca\/wp-json\/wp\/v2\/pages\/2626"}],"collection":[{"href":"https:\/\/observatorio.umh.es\/ca\/wp-json\/wp\/v2\/pages"}],"about":[{"href":"https:\/\/observatorio.umh.es\/ca\/wp-json\/wp\/v2\/types\/page"}],"author":[{"embeddable":true,"href":"https:\/\/observatorio.umh.es\/ca\/wp-json\/wp\/v2\/users\/357"}],"replies":[{"embeddable":true,"href":"https:\/\/observatorio.umh.es\/ca\/wp-json\/wp\/v2\/comments?post=2626"}],"version-history":[{"count":0,"href":"https:\/\/observatorio.umh.es\/ca\/wp-json\/wp\/v2\/pages\/2626\/revisions"}],"up":[{"embeddable":true,"href":"https:\/\/observatorio.umh.es\/ca\/wp-json\/wp\/v2\/pages\/5455"}],"wp:attachment":[{"href":"https:\/\/observatorio.umh.es\/ca\/wp-json\/wp\/v2\/media?parent=2626"}],"curies":[{"name":"wp","href":"https:\/\/api.w.org\/{rel}","templated":true}]}}