{"id":2620,"date":"2013-06-11T12:05:43","date_gmt":"2013-06-11T10:05:43","guid":{"rendered":"http:\/\/observatorio.umh.es\/subdelegacion-del-gobierno-en-alicante\/"},"modified":"2013-06-11T12:10:20","modified_gmt":"2013-06-11T10:10:20","slug":"subdelegacion-del-gobierno-en-alicante","status":"publish","type":"page","link":"https:\/\/observatorio.umh.es\/ca\/subdelegacion-del-gobierno-en-alicante\/","title":{"rendered":"<span lang=\"es\">(Espa\u00f1ol) Procedimiento para realizar pr\u00e1cticas en la Subdelegaci\u00f3n del Gobierno en Alicante<\/span>"},"content":{"rendered":"<p><\/p>\n<\/p>\n<p><\/p>\n<div class='bookmarkify'><a name='bookmarkify'><\/a><div class='linkbuttons'><a href='http:\/\/www.facebook.com\/share.php?u=https:\/\/observatorio.umh.es\/ca\/subdelegacion-del-gobierno-en-alicante\/' title='Save to Facebook' onclick='target=\"_blank\";' rel='nofollow'><img src='https:\/\/observatorio.umh.es\/wp-content\/plugins\/bookmarkify\/facebook.png' style='width:16px; height:16px;' alt='[Facebook] ' \/><\/a> <a href='http:\/\/www.google.com\/bookmarks\/mark?op=edit&amp;output=popup&amp;bkmk=https:\/\/observatorio.umh.es\/ca\/subdelegacion-del-gobierno-en-alicante\/&amp;title=<span lang=\"es\">(Espa\u00f1ol) Procedimiento para realizar pr\u00e1cticas en la Subdelegaci\u00f3n del Gobierno en Alicante<\/span>' title='Save to Google Bookmarks' onclick='target=\"_blank\";' rel='nofollow'><img src='https:\/\/observatorio.umh.es\/wp-content\/plugins\/bookmarkify\/google.png' style='width:16px; height:16px;' alt='[Google] ' \/><\/a> <a href='http:\/\/twitter.com\/home\/?status=<span lang=\"es\">(Espa\u00f1ol) Procedimiento para realizar pr\u00e1cticas en la Subdelegaci\u00f3n del Gobierno en Alicante<\/span>+https:\/\/observatorio.umh.es\/ca\/subdelegacion-del-gobierno-en-alicante\/' title='Save to Twitter' onclick='target=\"_blank\";' rel='nofollow'><img src='https:\/\/observatorio.umh.es\/wp-content\/plugins\/bookmarkify\/twitter.png' style='width:16px; height:16px;' alt='[Twitter] ' \/><\/a> <\/div><\/div>","protected":false},"excerpt":{"rendered":"","protected":false},"author":357,"featured_media":0,"parent":0,"menu_order":0,"comment_status":"closed","ping_status":"closed","template":"","meta":{"_links_to":"","_links_to_target":""},"_links":{"self":[{"href":"https:\/\/observatorio.umh.es\/ca\/wp-json\/wp\/v2\/pages\/2620"}],"collection":[{"href":"https:\/\/observatorio.umh.es\/ca\/wp-json\/wp\/v2\/pages"}],"about":[{"href":"https:\/\/observatorio.umh.es\/ca\/wp-json\/wp\/v2\/types\/page"}],"author":[{"embeddable":true,"href":"https:\/\/observatorio.umh.es\/ca\/wp-json\/wp\/v2\/users\/357"}],"replies":[{"embeddable":true,"href":"https:\/\/observatorio.umh.es\/ca\/wp-json\/wp\/v2\/comments?post=2620"}],"version-history":[{"count":0,"href":"https:\/\/observatorio.umh.es\/ca\/wp-json\/wp\/v2\/pages\/2620\/revisions"}],"wp:attachment":[{"href":"https:\/\/observatorio.umh.es\/ca\/wp-json\/wp\/v2\/media?parent=2620"}],"curies":[{"name":"wp","href":"https:\/\/api.w.org\/{rel}","templated":true}]}}